{"id":58600,"date":"2017-05-15T11:53:55","date_gmt":"2017-05-15T09:53:55","guid":{"rendered":"https:\/\/undsgn.com\/uncode\/?page_id=58600"},"modified":"2026-08-21T14:54:05","modified_gmt":"2026-08-21T14:54:05","slug":"originalni-svatby-v-prirode-praha-zapad","status":"publish","type":"page","link":"https:\/\/www.svatbauberounky.cz\/","title":{"rendered":"\u00favod"},"content":{"rendered":"<div class=\"wpb-content-wrapper\"><p>[vc_row unlock_row_content=&#8220;yes&#8220; row_height_percent=&#8220;100&#8243; override_padding=&#8220;yes&#8220; h_padding=&#8220;1&#8243; top_padding=&#8220;1&#8243; bottom_padding=&#8220;2&#8243; back_color=&#8220;color-wayh&#8220; overlay_alpha=&#8220;50&#8243; gutter_size=&#8220;3&#8243; column_width_percent=&#8220;100&#8243; shift_y=&#8220;0&#8243; z_index=&#8220;0&#8243; front_end_with_slider=&#8220;true&#8220; uncode_shortcode_id=&#8220;143507&#8243; back_color_type=&#8220;uncode-palette&#8220;][vc_column column_width_percent=&#8220;100&#8243; gutter_size=&#8220;3&#8243; overlay_alpha=&#8220;50&#8243; shift_x=&#8220;0&#8243; shift_y=&#8220;0&#8243; shift_y_down=&#8220;0&#8243; z_index=&#8220;0&#8243; medium_width=&#8220;0&#8243; mobile_width=&#8220;0&#8243; width=&#8220;1\/1&#8243; uncode_shortcode_id=&#8220;980790&#8243;][uncode_slider slider_type=&#8220;fade&#8220; slider_interval=&#8220;4000&#8243; slider_navspeed=&#8220;400&#8243; slider_loop=&#8220;yes&#8220; slider_hide_dots=&#8220;yes&#8220;][vc_row_inner row_inner_height_percent=&#8220;0&#8243; back_color=&#8220;color-nhtu&#8220; back_image=&#8220;24&#8243; kburns=&#8220;yes&#8220; overlay_color=&#8220;color-jevc&#8220; overlay_alpha=&#8220;15&#8243; gutter_size=&#8220;3&#8243; shift_y=&#8220;0&#8243; z_index=&#8220;0&#8243; limit_content=&#8220;&#8220; front_end_with_slider=&#8220;true&#8220; uncode_shortcode_id=&#8220;737999&#8243; back_color_type=&#8220;uncode-palette&#8220; overlay_color_type=&#8220;uncode-palette&#8220; el_id=&#8220;uvod&#8220;][vc_column_inner column_width_percent=&#8220;100&#8243; position_vertical=&#8220;middle&#8220; align_horizontal=&#8220;align_center&#8220; gutter_size=&#8220;2&#8243; override_padding=&#8220;yes&#8220; column_padding=&#8220;3&#8243; style=&#8220;dark&#8220; overlay_alpha=&#8220;50&#8243; shift_x=&#8220;0&#8243; shift_y=&#8220;0&#8243; shift_y_down=&#8220;0&#8243; z_index=&#8220;0&#8243; medium_width=&#8220;0&#8243; mobile_width=&#8220;0&#8243; css_animation=&#8220;bottom-t-top&#8220; animation_speed=&#8220;800&#8243; animation_delay=&#8220;200&#8243; zoom_width=&#8220;0&#8243; zoom_height=&#8220;0&#8243; width=&#8220;1\/1&#8243; uncode_shortcode_id=&#8220;809831&#8243;][vc_custom_heading heading_semantic=&#8220;h1&#8243; text_font=&#8220;font-114434&#8243; text_size=&#8220;fontsize-445851&#8243; text_weight=&#8220;700&#8243; sub_lead=&#8220;yes&#8220; sub_reduced=&#8220;yes&#8220; uncode_shortcode_id=&#8220;173687&#8243;]Svatba u Berounky[\/vc_custom_heading][vc_custom_heading text_color=&#8220;color-xsdn&#8220; heading_semantic=&#8220;div&#8220; text_font=&#8220;font-114434&#8243; text_space=&#8220;fontspace-781688&#8243; sub_lead=&#8220;yes&#8220; sub_reduced=&#8220;yes&#8220; uncode_shortcode_id=&#8220;742893&#8243; text_color_type=&#8220;uncode-palette&#8220;]Origin\u00e1ln\u00ed svatba v malebn\u00e9m prost\u0159ed\u00ed \u0159eky Berounky[\/vc_custom_heading][vc_icon icon=&#8220;fa fa-arrow-down2&#8243; background_style=&#8220;fa-rounded&#8220; size=&#8220;fa-2x&#8220; outline=&#8220;yes&#8220; css_animation=&#8220;bottom-t-top&#8220; animation_speed=&#8220;600&#8243; animation_delay=&#8220;800&#8243; link=&#8220;url:%23anotace|title:Galerie&#8220; uncode_shortcode_id=&#8220;110048&#8243;][\/vc_icon][\/vc_column_inner][\/vc_row_inner][vc_row_inner row_inner_height_percent=&#8220;0&#8243; back_color=&#8220;color-nhtu&#8220; back_image=&#8220;130609&#8243; kburns=&#8220;yes&#8220; overlay_color=&#8220;color-jevc&#8220; overlay_alpha=&#8220;15&#8243; gutter_size=&#8220;3&#8243; shift_y=&#8220;0&#8243; z_index=&#8220;0&#8243; limit_content=&#8220;&#8220; front_end_with_slider=&#8220;true&#8220; uncode_shortcode_id=&#8220;126972&#8243; back_color_type=&#8220;uncode-palette&#8220; overlay_color_type=&#8220;uncode-palette&#8220;][vc_column_inner column_width_percent=&#8220;100&#8243; position_vertical=&#8220;middle&#8220; align_horizontal=&#8220;align_center&#8220; gutter_size=&#8220;2&#8243; override_padding=&#8220;yes&#8220; column_padding=&#8220;3&#8243; style=&#8220;dark&#8220; overlay_alpha=&#8220;50&#8243; shift_x=&#8220;0&#8243; shift_y=&#8220;0&#8243; shift_y_down=&#8220;0&#8243; z_index=&#8220;0&#8243; medium_width=&#8220;0&#8243; mobile_width=&#8220;0&#8243; css_animation=&#8220;bottom-t-top&#8220; animation_speed=&#8220;800&#8243; animation_delay=&#8220;200&#8243; zoom_width=&#8220;0&#8243; zoom_height=&#8220;0&#8243; width=&#8220;1\/1&#8243; uncode_shortcode_id=&#8220;134518&#8243;][vc_custom_heading text_font=&#8220;font-114434&#8243; text_size=&#8220;fontsize-445851&#8243; text_weight=&#8220;700&#8243; text_space=&#8220;fontspace-781688&#8243; sub_lead=&#8220;yes&#8220; sub_reduced=&#8220;yes&#8220; uncode_shortcode_id=&#8220;134111&#8243;]Kompletn\u00ed servis[\/vc_custom_heading][vc_custom_heading text_color=&#8220;color-xsdn&#8220; heading_semantic=&#8220;div&#8220; text_space=&#8220;fontspace-781688&#8243; sub_lead=&#8220;yes&#8220; sub_reduced=&#8220;yes&#8220; uncode_shortcode_id=&#8220;460432&#8243; text_color_type=&#8220;uncode-palette&#8220;]Zajist\u00edme v\u0161e od ob\u0159adu, cateringu a\u017e po ubytov\u00e1n\u00ed \u010di hudebn\u00ed program[\/vc_custom_heading][vc_icon icon=&#8220;fa fa-arrow-down2&#8243; background_style=&#8220;fa-rounded&#8220; size=&#8220;fa-2x&#8220; outline=&#8220;yes&#8220; css_animation=&#8220;bottom-t-top&#8220; animation_speed=&#8220;600&#8243; animation_delay=&#8220;800&#8243; link=&#8220;url:%23anotace|title:Galerie&#8220; uncode_shortcode_id=&#8220;110048&#8243;][\/vc_icon][\/vc_column_inner][\/vc_row_inner][vc_row_inner row_inner_height_percent=&#8220;0&#8243; back_color=&#8220;color-nhtu&#8220; back_image=&#8220;130613&#8243; parallax=&#8220;yes&#8220; kburns=&#8220;yes&#8220; overlay_color=&#8220;color-jevc&#8220; overlay_alpha=&#8220;15&#8243; gutter_size=&#8220;3&#8243; shift_y=&#8220;0&#8243; z_index=&#8220;0&#8243; limit_content=&#8220;&#8220; front_end_with_slider=&#8220;true&#8220; uncode_shortcode_id=&#8220;562984&#8243; back_color_type=&#8220;uncode-palette&#8220; overlay_color_type=&#8220;uncode-palette&#8220;][vc_column_inner column_width_percent=&#8220;100&#8243; position_vertical=&#8220;middle&#8220; align_horizontal=&#8220;align_center&#8220; gutter_size=&#8220;2&#8243; override_padding=&#8220;yes&#8220; column_padding=&#8220;3&#8243; style=&#8220;dark&#8220; overlay_alpha=&#8220;50&#8243; shift_x=&#8220;0&#8243; shift_y=&#8220;0&#8243; shift_y_down=&#8220;0&#8243; z_index=&#8220;0&#8243; medium_width=&#8220;0&#8243; mobile_width=&#8220;0&#8243; css_animation=&#8220;bottom-t-top&#8220; animation_speed=&#8220;800&#8243; animation_delay=&#8220;200&#8243; zoom_width=&#8220;0&#8243; zoom_height=&#8220;0&#8243; width=&#8220;1\/1&#8243; uncode_shortcode_id=&#8220;290424&#8243;][vc_custom_heading text_font=&#8220;font-114434&#8243; text_size=&#8220;fontsize-445851&#8243; text_weight=&#8220;700&#8243; text_space=&#8220;fontspace-781688&#8243; sub_lead=&#8220;yes&#8220; sub_reduced=&#8220;yes&#8220; uncode_shortcode_id=&#8220;102202&#8243;]Origin\u00e1ln\u00ed realizace[\/vc_custom_heading][vc_custom_heading text_color=&#8220;color-xsdn&#8220; heading_semantic=&#8220;div&#8220; text_space=&#8220;fontspace-781688&#8243; sub_lead=&#8220;yes&#8220; sub_reduced=&#8220;yes&#8220; uncode_shortcode_id=&#8220;213276&#8243; text_color_type=&#8220;uncode-palette&#8220;]Ob\u0159ad je mo\u017en\u00e9 realizovat na molu u \u0159eky nebo p\u0159\u00edmo na vod\u011b[\/vc_custom_heading][vc_icon icon=&#8220;fa fa-arrow-down2&#8243; background_style=&#8220;fa-rounded&#8220; size=&#8220;fa-2x&#8220; outline=&#8220;yes&#8220; css_animation=&#8220;bottom-t-top&#8220; animation_speed=&#8220;600&#8243; animation_delay=&#8220;800&#8243; link=&#8220;url:%23anotace|title:Galerie&#8220; uncode_shortcode_id=&#8220;110048&#8243;][\/vc_icon][\/vc_column_inner][\/vc_row_inner][vc_row_inner row_inner_height_percent=&#8220;0&#8243; back_color=&#8220;color-nhtu&#8220; back_image=&#8220;130878&#8243; parallax=&#8220;yes&#8220; kburns=&#8220;yes&#8220; overlay_color=&#8220;color-jevc&#8220; overlay_alpha=&#8220;15&#8243; gutter_size=&#8220;3&#8243; shift_y=&#8220;0&#8243; z_index=&#8220;0&#8243; limit_content=&#8220;&#8220; front_end_with_slider=&#8220;true&#8220; uncode_shortcode_id=&#8220;178042&#8243; back_color_type=&#8220;uncode-palette&#8220; overlay_color_type=&#8220;uncode-palette&#8220;][vc_column_inner column_width_percent=&#8220;100&#8243; position_vertical=&#8220;middle&#8220; align_horizontal=&#8220;align_center&#8220; gutter_size=&#8220;2&#8243; override_padding=&#8220;yes&#8220; column_padding=&#8220;3&#8243; style=&#8220;dark&#8220; overlay_alpha=&#8220;50&#8243; shift_x=&#8220;0&#8243; shift_y=&#8220;0&#8243; shift_y_down=&#8220;0&#8243; z_index=&#8220;0&#8243; medium_width=&#8220;0&#8243; mobile_width=&#8220;0&#8243; css_animation=&#8220;bottom-t-top&#8220; animation_speed=&#8220;800&#8243; animation_delay=&#8220;200&#8243; zoom_width=&#8220;0&#8243; zoom_height=&#8220;0&#8243; width=&#8220;1\/1&#8243; uncode_shortcode_id=&#8220;999053&#8243;][vc_custom_heading text_font=&#8220;font-114434&#8243; text_size=&#8220;fontsize-445851&#8243; text_weight=&#8220;700&#8243; text_space=&#8220;fontspace-781688&#8243; sub_lead=&#8220;yes&#8220; sub_reduced=&#8220;yes&#8220; uncode_shortcode_id=&#8220;936274&#8243;]Jen kousek od Prahy[\/vc_custom_heading][vc_custom_heading text_color=&#8220;color-xsdn&#8220; heading_semantic=&#8220;div&#8220; text_space=&#8220;fontspace-781688&#8243; sub_lead=&#8220;yes&#8220; sub_reduced=&#8220;yes&#8220; uncode_shortcode_id=&#8220;187381&#8243; text_color_type=&#8220;uncode-palette&#8220;]Zajist\u00edme dopravu a ubytov\u00e1n\u00ed, a tak se nemus\u00edte o nic starat[\/vc_custom_heading][vc_icon icon=&#8220;fa fa-arrow-down2&#8243; background_style=&#8220;fa-rounded&#8220; size=&#8220;fa-2x&#8220; outline=&#8220;yes&#8220; css_animation=&#8220;bottom-t-top&#8220; animation_speed=&#8220;600&#8243; animation_delay=&#8220;800&#8243; link=&#8220;url:%23anotace|title:Galerie&#8220; uncode_shortcode_id=&#8220;110048&#8243;][\/vc_icon][\/vc_column_inner][\/vc_row_inner][vc_row_inner row_inner_height_percent=&#8220;0&#8243; back_color=&#8220;color-nhtu&#8220; back_image=&#8220;130611&#8243; parallax=&#8220;yes&#8220; kburns=&#8220;yes&#8220; overlay_color=&#8220;color-jevc&#8220; overlay_alpha=&#8220;15&#8243; gutter_size=&#8220;3&#8243; shift_y=&#8220;0&#8243; z_index=&#8220;0&#8243; limit_content=&#8220;&#8220; front_end_with_slider=&#8220;true&#8220; uncode_shortcode_id=&#8220;149540&#8243; back_color_type=&#8220;uncode-palette&#8220; overlay_color_type=&#8220;uncode-palette&#8220;][vc_column_inner column_width_percent=&#8220;100&#8243; position_vertical=&#8220;middle&#8220; align_horizontal=&#8220;align_center&#8220; gutter_size=&#8220;2&#8243; override_padding=&#8220;yes&#8220; column_padding=&#8220;3&#8243; style=&#8220;dark&#8220; overlay_alpha=&#8220;50&#8243; shift_x=&#8220;0&#8243; shift_y=&#8220;0&#8243; shift_y_down=&#8220;0&#8243; z_index=&#8220;0&#8243; medium_width=&#8220;0&#8243; mobile_width=&#8220;0&#8243; css_animation=&#8220;bottom-t-top&#8220; animation_speed=&#8220;800&#8243; animation_delay=&#8220;200&#8243; zoom_width=&#8220;0&#8243; zoom_height=&#8220;0&#8243; width=&#8220;1\/1&#8243; uncode_shortcode_id=&#8220;117569&#8243;][vc_custom_heading text_font=&#8220;font-114434&#8243; text_size=&#8220;fontsize-445851&#8243; text_weight=&#8220;700&#8243; text_space=&#8220;fontspace-781688&#8243; sub_lead=&#8220;yes&#8220; sub_reduced=&#8220;yes&#8220; uncode_shortcode_id=&#8220;487055&#8243;]Rodinn\u00e9 prost\u0159ed\u00ed[\/vc_custom_heading][vc_custom_heading text_color=&#8220;color-xsdn&#8220; heading_semantic=&#8220;div&#8220; text_space=&#8220;fontspace-781688&#8243; sub_lead=&#8220;yes&#8220; sub_reduced=&#8220;yes&#8220; uncode_shortcode_id=&#8220;209850&#8243; text_color_type=&#8220;uncode-palette&#8220;]Bistro s n\u00e1dechem st\u0159edomo\u0159\u00ed, oddechov\u00e1 z\u00f3na v zahrad\u011b[\/vc_custom_heading][vc_icon icon=&#8220;fa fa-arrow-down2&#8243; background_style=&#8220;fa-rounded&#8220; size=&#8220;fa-2x&#8220; outline=&#8220;yes&#8220; css_animation=&#8220;bottom-t-top&#8220; animation_speed=&#8220;600&#8243; animation_delay=&#8220;800&#8243; link=&#8220;url:%23anotace|title:Galerie&#8220; uncode_shortcode_id=&#8220;110048&#8243;][\/vc_icon][\/vc_column_inner][\/vc_row_inner][\/uncode_slider][\/vc_column][\/vc_row][vc_row row_height_percent=&#8220;0&#8243; override_padding=&#8220;yes&#8220; h_padding=&#8220;2&#8243; top_padding=&#8220;3&#8243; bottom_padding=&#8220;3&#8243; overlay_alpha=&#8220;50&#8243; gutter_size=&#8220;3&#8243; column_width_percent=&#8220;100&#8243; shift_y=&#8220;0&#8243; z_index=&#8220;0&#8243; bottom_divider=&#8220;gradient&#8220; content_parallax=&#8220;0&#8243; uncode_shortcode_id=&#8220;640731&#8243; back_color_type=&#8220;uncode-solid&#8220; back_color_solid=&#8220;#b1c89e&#8220; el_id=&#8220;anotace&#8220;][vc_column column_width_percent=&#8220;100&#8243; align_horizontal=&#8220;align_center&#8220; gutter_size=&#8220;3&#8243; overlay_alpha=&#8220;50&#8243; shift_x=&#8220;0&#8243; shift_y=&#8220;0&#8243; shift_y_down=&#8220;0&#8243; z_index=&#8220;0&#8243; medium_width=&#8220;0&#8243; mobile_width=&#8220;0&#8243; width=&#8220;1\/1&#8243; uncode_shortcode_id=&#8220;554085&#8243;][vc_custom_heading text_color=&#8220;color-xsdn&#8220; heading_semantic=&#8220;div&#8220; text_font=&#8220;font-114434&#8243; text_size=&#8220;h1&#8243; text_weight=&#8220;500&#8243; text_height=&#8220;fontheight-357766&#8243; text_space=&#8220;fontspace-781688&#8243; uncode_shortcode_id=&#8220;305087&#8243; text_color_type=&#8220;uncode-palette&#8220;]M\u00edsto pro v\u00e1\u0161 p\u0159\u00edb\u011bh. Cel\u00fd v\u00edkend jen pro v\u00e1s.<br \/>\nSvatba u Berounky je soukrom\u00fd are\u00e1l v \u0158evnic\u00edch, jen p\u00e1r krok\u016f od \u0159eky a nedaleko Prahy. Ob\u0159ad, hostinu, ve\u010dern\u00ed oslavu i ubytov\u00e1n\u00ed m\u016f\u017eete m\u00edt na jednom m\u00edst\u011b a cel\u00fd are\u00e1l po cel\u00fd v\u00edkend jen pro sebe.<br \/>\nSv\u00e9 ANO si m\u016f\u017eete \u0159\u00edct p\u0159\u00edmo v zahrad\u011b, u \u0159eky Berounky nebo na n\u011bkter\u00e9m z dal\u0161\u00edch kr\u00e1sn\u00fdch m\u00edst v okol\u00ed.[\/vc_custom_heading][vc_button size=&#8220;btn-lg&#8220; radius=&#8220;btn-circle&#8220; outline=&#8220;yes&#8220; border_width=&#8220;0&#8243; link=&#8220;url:%23cena&#8220; uncode_shortcode_id=&#8220;421297&#8243;]Cena pron\u00e1jmu[\/vc_button][\/vc_column][\/vc_row][vc_row unlock_row_content=&#8220;yes&#8220; row_height_percent=&#8220;67&#8243; override_padding=&#8220;yes&#8220; h_padding=&#8220;0&#8243; top_padding=&#8220;0&#8243; bottom_padding=&#8220;0&#8243; overlay_alpha=&#8220;50&#8243; equal_height=&#8220;yes&#8220; gutter_size=&#8220;0&#8243; column_width_percent=&#8220;100&#8243; shift_y=&#8220;0&#8243; z_index=&#8220;0&#8243; content_parallax=&#8220;0&#8243; el_class=&#8220;inverted-device-order&#8220; uncode_shortcode_id=&#8220;153473&#8243; back_color_type=&#8220;uncode-solid&#8220; back_color_solid=&#8220;#f9eee1&#8243; el_id=&#8220;misto&#8220; row_height_pixel=&#8220;400&#8243;][vc_column column_width_percent=&#8220;100&#8243; gutter_size=&#8220;0&#8243; back_image=&#8220;131269&#8243; overlay_alpha=&#8220;50&#8243; shift_x=&#8220;0&#8243; shift_y=&#8220;0&#8243; shift_y_down=&#8220;0&#8243; z_index=&#8220;0&#8243; medium_width=&#8220;0&#8243; mobile_width=&#8220;0&#8243; width=&#8220;1\/2&#8243; uncode_shortcode_id=&#8220;153011&#8243; mobile_height=&#8220;336&#8243;][\/vc_column][vc_column column_width_percent=&#8220;100&#8243; position_vertical=&#8220;middle&#8220; gutter_size=&#8220;0&#8243; override_padding=&#8220;yes&#8220; column_padding=&#8220;2&#8243; back_image=&#8220;130729&#8243; kburns=&#8220;magnetic&#8220; overlay_alpha=&#8220;50&#8243; shift_x=&#8220;0&#8243; shift_y=&#8220;0&#8243; shift_y_down=&#8220;0&#8243; z_index=&#8220;0&#8243; medium_width=&#8220;0&#8243; mobile_width=&#8220;0&#8243; width=&#8220;1\/2&#8243; uncode_shortcode_id=&#8220;197460&#8243;][vc_row_inner row_inner_height_percent=&#8220;0&#8243; overlay_alpha=&#8220;50&#8243; gutter_size=&#8220;3&#8243; shift_y=&#8220;0&#8243; z_index=&#8220;0&#8243; uncode_shortcode_id=&#8220;930462&#8243;][vc_column_inner column_width_percent=&#8220;90&#8243; gutter_size=&#8220;3&#8243; overlay_alpha=&#8220;50&#8243; shift_x=&#8220;0&#8243; shift_y=&#8220;0&#8243; shift_y_down=&#8220;0&#8243; z_index=&#8220;0&#8243; medium_width=&#8220;0&#8243; align_mobile=&#8220;align_center_mobile&#8220; mobile_width=&#8220;0&#8243; width=&#8220;1\/2&#8243; uncode_shortcode_id=&#8220;115720&#8243;][vc_custom_heading text_size=&#8220;fontsize-155944&#8243; uncode_shortcode_id=&#8220;186161&#8243; text_color_type=&#8220;uncode-solid&#8220; text_color_solid=&#8220;#5c295a&#8220;]Bistro[\/vc_custom_heading][vc_custom_heading heading_semantic=&#8220;div&#8220; text_size=&#8220;&#8220; text_height=&#8220;fontheight-357766&#8243; uncode_shortcode_id=&#8220;204995&#8243;]<strong>Srdcem svatebn\u00ed hostiny je na\u0161e venkovn\u00ed bistro<\/strong>, zast\u0159e\u0161en\u00e9 d\u0159ev\u011bn\u00fdmi pergolami a obklopen\u00e9 zelen\u00ed. Olivovn\u00edky, oleandry, bambusy a dal\u0161\u00ed st\u0159edomo\u0159sk\u00e9 rostliny mu dod\u00e1vaj\u00ed p\u0159\u00edjemnou atmosf\u00e9ru, kter\u00e1 se s p\u0159\u00edchodem ve\u010dera kr\u00e1sn\u011b prom\u011bn\u00ed v m\u00edsto pro svatebn\u00ed oslavu.<\/p>\n<p><strong>Bistro nab\u00edz\u00ed kapacitu a\u017e 140 host\u016f.<\/strong> V p\u0159\u00edpad\u011b v\u011bt\u0161\u00ed svatby je mo\u017en\u00e9 venkovn\u00ed prostory doplnit o prostorn\u00e9 stany a vytvo\u0159it tak dal\u0161\u00ed kryt\u00e9 z\u00e1zem\u00ed pro hosty.[\/vc_custom_heading][\/vc_column_inner][vc_column_inner column_width_percent=&#8220;90&#8243; gutter_size=&#8220;3&#8243; overlay_alpha=&#8220;50&#8243; shift_x=&#8220;0&#8243; shift_y=&#8220;0&#8243; shift_y_down=&#8220;0&#8243; z_index=&#8220;0&#8243; medium_width=&#8220;0&#8243; align_mobile=&#8220;align_center_mobile&#8220; mobile_width=&#8220;0&#8243; width=&#8220;1\/2&#8243; uncode_shortcode_id=&#8220;904601&#8243;][vc_custom_heading text_size=&#8220;fontsize-155944&#8243; uncode_shortcode_id=&#8220;633954&#8243; text_color_type=&#8220;uncode-solid&#8220; text_color_solid=&#8220;#5c295a&#8220;]Svatebn\u00ed zahrada[\/vc_custom_heading][vc_custom_heading heading_semantic=&#8220;div&#8220; text_size=&#8220;&#8220; text_height=&#8220;fontheight-357766&#8243; uncode_shortcode_id=&#8220;164262&#8243;]<strong>Zahrada je m\u00edstem, kde se m\u016f\u017ee odehr\u00e1t jeden z nejkr\u00e1sn\u011bj\u0161\u00edch okam\u017eik\u016f Va\u0161eho dne \u2013 svatebn\u00ed ob\u0159ad pod \u0161ir\u00fdm nebem.<\/strong> Vzrostl\u00e9 stromy, okoln\u00ed zele\u0148 a dostatek soukrom\u00ed vytv\u00e1\u0159ej\u00ed p\u0159irozenou kulisu pro V\u00e1\u0161 ob\u0159ad.<\/p>\n<p>Podobu ob\u0159adn\u00edho m\u00edsta nech\u00e1v\u00e1me na V\u00e1s.<strong> M\u016f\u017eete si p\u0159iv\u00e9zt vlastn\u00ed dekorace a kv\u011btiny, nebo V\u00e1m r\u00e1di pom\u016f\u017eeme s p\u0159\u00edpravou, v\u00fdzdobou \u010di v\u00fdb\u011brem svatebn\u00ed br\u00e1ny.<\/strong> Po ob\u0159adu zahrada slou\u017e\u00ed i pro setk\u00e1v\u00e1n\u00ed host\u016f, odpo\u010dinek nebo focen\u00ed.[\/vc_custom_heading][\/vc_column_inner][\/vc_row_inner][\/vc_column][\/vc_row][vc_row unlock_row_content=&#8220;yes&#8220; row_height_percent=&#8220;67&#8243; override_padding=&#8220;yes&#8220; h_padding=&#8220;0&#8243; top_padding=&#8220;0&#8243; bottom_padding=&#8220;0&#8243; overlay_alpha=&#8220;50&#8243; equal_height=&#8220;yes&#8220; gutter_size=&#8220;0&#8243; column_width_percent=&#8220;100&#8243; shift_y=&#8220;0&#8243; z_index=&#8220;0&#8243; el_class=&#8220;inverted-device-order&#8220; uncode_shortcode_id=&#8220;521021&#8243; back_color_type=&#8220;uncode-solid&#8220; back_color_solid=&#8220;#fef9f2&#8243; row_height_pixel=&#8220;400&#8243;][vc_column column_width_percent=&#8220;100&#8243; position_vertical=&#8220;middle&#8220; gutter_size=&#8220;0&#8243; override_padding=&#8220;yes&#8220; column_padding=&#8220;2&#8243; overlay_alpha=&#8220;50&#8243; shift_x=&#8220;0&#8243; shift_y=&#8220;0&#8243; shift_y_down=&#8220;0&#8243; z_index=&#8220;0&#8243; medium_width=&#8220;0&#8243; mobile_width=&#8220;0&#8243; width=&#8220;1\/2&#8243; uncode_shortcode_id=&#8220;955806&#8243;][vc_row_inner][vc_column_inner column_width_percent=&#8220;90&#8243; position_vertical=&#8220;middle&#8220; gutter_size=&#8220;3&#8243; overlay_alpha=&#8220;50&#8243; shift_x=&#8220;0&#8243; shift_y=&#8220;0&#8243; shift_y_down=&#8220;0&#8243; z_index=&#8220;0&#8243; medium_width=&#8220;0&#8243; align_mobile=&#8220;align_center_mobile&#8220; mobile_width=&#8220;0&#8243; width=&#8220;1\/2&#8243; uncode_shortcode_id=&#8220;108117&#8243;][vc_custom_heading text_size=&#8220;fontsize-155944&#8243; uncode_shortcode_id=&#8220;389922&#8243; text_color_type=&#8220;uncode-solid&#8220; text_color_solid=&#8220;#5c295a&#8220;]Ob\u0159ad u Berounky[\/vc_custom_heading][vc_custom_heading heading_semantic=&#8220;div&#8220; text_size=&#8220;&#8220; text_height=&#8220;fontheight-357766&#8243; uncode_shortcode_id=&#8220;202297&#8243;]<strong>\u0158ekn\u011bte si sv\u00e9 ANO tam, kde V\u00e1m to bude nejbli\u017e\u0161\u00ed.<\/strong><\/p>\n<p>Pokud sn\u00edte o svatb\u011b u vody, nab\u00edz\u00ed Berounka n\u011bkolik kr\u00e1sn\u00fdch mo\u017enost\u00ed. <strong>Molo u \u0159eky lze pro V\u00e1\u0161 ob\u0159ad p\u0159ipravit a vyzdobit podle Va\u0161ich p\u0159edstav.<\/strong><\/p>\n<p>A pokud hled\u00e1te n\u011bco skute\u010dn\u011b netradi\u010dn\u00edho, m\u016f\u017eeme spole\u010dn\u011b p\u0159ipravit<strong> ob\u0159ad p\u0159\u00edmo na vod\u011b \u2013 nap\u0159\u00edklad na voru, velk\u00e9 pramici nebo italsk\u00e9 gondole.<\/strong> R\u00e1di s V\u00e1mi probereme mo\u017enosti a pom\u016f\u017eeme naj\u00edt m\u00edsto i podobu ob\u0159adu, kter\u00e1 bude pr\u00e1v\u011b Va\u0161e.[\/vc_custom_heading][\/vc_column_inner][vc_column_inner column_width_percent=&#8220;70&#8243; position_vertical=&#8220;middle&#8220; gutter_size=&#8220;2&#8243; override_padding=&#8220;yes&#8220; column_padding=&#8220;2&#8243; overlay_alpha=&#8220;50&#8243; shift_x=&#8220;0&#8243; shift_y=&#8220;0&#8243; shift_y_down=&#8220;0&#8243; z_index=&#8220;0&#8243; medium_width=&#8220;0&#8243; mobile_width=&#8220;0&#8243; width=&#8220;1\/2&#8243; uncode_shortcode_id=&#8220;232255&#8243;][vc_single_image media=&#8220;131162&#8243; media_width_percent=&#8220;100&#8243; media_ratio=&#8220;one-one&#8220; shape=&#8220;img-circle&#8220; css_animation=&#8220;alpha-anim&#8220; animation_speed=&#8220;1000&#8243; animation_delay=&#8220;200&#8243; uncode_shortcode_id=&#8220;128020&#8243;][\/vc_column_inner][\/vc_row_inner][\/vc_column][vc_column column_width_percent=&#8220;100&#8243; gutter_size=&#8220;0&#8243; back_image=&#8220;130750&#8243; kburns=&#8220;yes&#8220; overlay_alpha=&#8220;50&#8243; shift_x=&#8220;0&#8243; shift_y=&#8220;0&#8243; shift_y_down=&#8220;0&#8243; z_index=&#8220;0&#8243; medium_width=&#8220;0&#8243; mobile_width=&#8220;0&#8243; width=&#8220;1\/2&#8243; uncode_shortcode_id=&#8220;145726&#8243; mobile_height=&#8220;336&#8243;][\/vc_column][\/vc_row][vc_row unlock_row_content=&#8220;yes&#8220; row_height_percent=&#8220;67&#8243; override_padding=&#8220;yes&#8220; h_padding=&#8220;0&#8243; top_padding=&#8220;0&#8243; bottom_padding=&#8220;0&#8243; overlay_alpha=&#8220;50&#8243; equal_height=&#8220;yes&#8220; gutter_size=&#8220;0&#8243; column_width_percent=&#8220;100&#8243; shift_y=&#8220;0&#8243; z_index=&#8220;0&#8243; el_class=&#8220;inverted-device-order&#8220; uncode_shortcode_id=&#8220;178400&#8243; back_color_type=&#8220;uncode-solid&#8220; back_color_solid=&#8220;#f9eee1&#8243; row_height_pixel=&#8220;400&#8243;][vc_column column_width_percent=&#8220;100&#8243; gutter_size=&#8220;0&#8243; back_image=&#8220;130747&#8243; overlay_alpha=&#8220;50&#8243; shift_x=&#8220;0&#8243; shift_y=&#8220;0&#8243; shift_y_down=&#8220;0&#8243; z_index=&#8220;0&#8243; medium_width=&#8220;0&#8243; mobile_width=&#8220;0&#8243; width=&#8220;1\/2&#8243; uncode_shortcode_id=&#8220;655547&#8243; mobile_height=&#8220;336&#8243;][\/vc_column][vc_column column_width_percent=&#8220;100&#8243; position_vertical=&#8220;middle&#8220; gutter_size=&#8220;0&#8243; override_padding=&#8220;yes&#8220; column_padding=&#8220;2&#8243; back_image=&#8220;130742&#8243; kburns=&#8220;magnetic&#8220; overlay_alpha=&#8220;50&#8243; shift_x=&#8220;0&#8243; shift_y=&#8220;0&#8243; shift_y_down=&#8220;0&#8243; z_index=&#8220;0&#8243; medium_width=&#8220;0&#8243; mobile_width=&#8220;0&#8243; width=&#8220;1\/2&#8243; uncode_shortcode_id=&#8220;395562&#8243;][vc_row_inner][vc_column_inner column_width_percent=&#8220;90&#8243; gutter_size=&#8220;3&#8243; overlay_alpha=&#8220;50&#8243; shift_x=&#8220;0&#8243; shift_y=&#8220;0&#8243; shift_y_down=&#8220;0&#8243; z_index=&#8220;0&#8243; medium_width=&#8220;0&#8243; align_mobile=&#8220;align_center_mobile&#8220; mobile_width=&#8220;0&#8243; width=&#8220;1\/2&#8243; uncode_shortcode_id=&#8220;324861&#8243;][vc_custom_heading text_size=&#8220;fontsize-155944&#8243; uncode_shortcode_id=&#8220;141720&#8243; text_color_type=&#8220;uncode-solid&#8220; text_color_solid=&#8220;#5c295a&#8220;]Ubytov\u00e1n\u00ed[\/vc_custom_heading][vc_custom_heading heading_semantic=&#8220;div&#8220; text_size=&#8220;&#8220; text_height=&#8220;fontheight-357766&#8243; uncode_shortcode_id=&#8220;156328&#8243;]<strong>Z\u016fsta\u0148te spolu a\u017e do ned\u011bln\u00edho r\u00e1na.<\/strong><\/p>\n<p>Sou\u010d\u00e1st\u00ed are\u00e1lu je ubytov\u00e1n\u00ed v komfortn\u00edch <strong>chatk\u00e1ch s vlastn\u00edm WC a sprchou<\/strong>, tak\u017ee Va\u0161i nejbli\u017e\u0161\u00ed nemus\u00ed po skon\u010den\u00ed oslavy nikam odj\u00ed\u017ed\u011bt. K dispozici je <strong>42 pevn\u00fdch l\u016f\u017eek a mo\u017enost a\u017e 8 p\u0159ist\u00fdlek \u2013 celkem tedy pro 50 host\u016f.<\/strong><\/p>\n<p>M\u016f\u017eete tak spole\u010dn\u011b pro\u017e\u00edt cel\u00fd v\u00edkend \u2013 <strong>od p\u00e1te\u010dn\u00edch p\u0159\u00edprav a\u017e po ned\u011bln\u00ed r\u00e1no<\/strong> s rodinou a p\u0159\u00e1teli.<strong> Pot\u0159ebujete ubytovat v\u00edce host\u016f?<\/strong> R\u00e1di V\u00e1m doporu\u010d\u00edme dal\u0161\u00ed mo\u017enosti v bl\u00edzk\u00e9m okol\u00ed.[\/vc_custom_heading][\/vc_column_inner][vc_column_inner column_width_percent=&#8220;90&#8243; gutter_size=&#8220;3&#8243; overlay_alpha=&#8220;50&#8243; shift_x=&#8220;0&#8243; shift_y=&#8220;0&#8243; shift_y_down=&#8220;0&#8243; z_index=&#8220;0&#8243; medium_width=&#8220;0&#8243; align_mobile=&#8220;align_center_mobile&#8220; mobile_width=&#8220;0&#8243; width=&#8220;1\/2&#8243; uncode_shortcode_id=&#8220;382450&#8243;][vc_custom_heading text_size=&#8220;fontsize-155944&#8243; uncode_shortcode_id=&#8220;985366&#8243; text_color_type=&#8220;uncode-solid&#8220; text_color_solid=&#8220;#5c295a&#8220;]Hudba a p\u00f3dium[\/vc_custom_heading][vc_custom_heading heading_semantic=&#8220;div&#8220; text_size=&#8220;&#8220; text_height=&#8220;fontheight-357766&#8243; uncode_shortcode_id=&#8220;220234&#8243;]<strong>Hudba, kter\u00e1 vytvo\u0159\u00ed atmosf\u00e9ru Va\u0161eho ve\u010dera.<\/strong><\/p>\n<p>A\u0165 u\u017e si p\u0159ejete \u017eivou kapelu, DJ nebo jin\u00fd hudebn\u00ed program, r\u00e1di V\u00e1m pom\u016f\u017eeme s jeho zaji\u0161t\u011bn\u00edm.<\/p>\n<p>Podle typu produkce a Va\u0161ich po\u017eadavk\u016f <strong>zajist\u00edme tak\u00e9 vhodn\u00e9 p\u00f3dium za v\u00fdhodnou cenu<\/strong> \u2013 nap\u0159\u00edklad o rozm\u011bru <strong>6 \u00d7 4 m, 6 \u00d7 6 m nebo v jin\u00e9 velikosti podle pot\u0159eby.<\/strong><\/p>\n<p>R\u00e1di V\u00e1m doporu\u010d\u00edme <strong>ov\u011b\u0159en\u00e9 kapely a DJs<\/strong> a pom\u016f\u017eeme s technick\u00fdm zaji\u0161t\u011bn\u00edm hudebn\u00ed produkce.[\/vc_custom_heading][\/vc_column_inner][\/vc_row_inner][\/vc_column][\/vc_row][vc_row unlock_row_content=&#8220;yes&#8220; row_height_percent=&#8220;0&#8243; override_padding=&#8220;yes&#8220; h_padding=&#8220;2&#8243; top_padding=&#8220;3&#8243; bottom_padding=&#8220;3&#8243; back_color=&#8220;color-998841&#8243; overlay_alpha=&#8220;50&#8243; gutter_size=&#8220;3&#8243; column_width_percent=&#8220;100&#8243; shift_y=&#8220;0&#8243; z_index=&#8220;0&#8243; bottom_divider=&#8220;gradient&#8220; content_parallax=&#8220;0&#8243; uncode_shortcode_id=&#8220;120086&#8243; back_color_type=&#8220;uncode-palette&#8220; el_id=&#8220;sluzby&#8220;][vc_column column_width_percent=&#8220;80&#8243; align_horizontal=&#8220;align_center&#8220; gutter_size=&#8220;2&#8243; overlay_alpha=&#8220;50&#8243; shift_x=&#8220;0&#8243; shift_y=&#8220;0&#8243; shift_y_down=&#8220;0&#8243; z_index=&#8220;0&#8243; medium_width=&#8220;0&#8243; mobile_width=&#8220;0&#8243; width=&#8220;1\/1&#8243; uncode_shortcode_id=&#8220;106035&#8243;][vc_custom_heading text_color=&#8220;color-xsdn&#8220; text_size=&#8220;fontsize-155944&#8243; uncode_shortcode_id=&#8220;640609&#8243; text_color_type=&#8220;uncode-palette&#8220;]Slu\u017eby[\/vc_custom_heading][vc_custom_heading text_color=&#8220;color-xsdn&#8220; heading_semantic=&#8220;div&#8220; text_size=&#8220;&#8220; text_height=&#8220;fontheight-357766&#8243; uncode_shortcode_id=&#8220;598829&#8243; text_color_type=&#8220;uncode-palette&#8220;]<\/p>\n<div>\n<p><strong>Va\u0161e svatba. Va\u0161e p\u0159edstava. Na\u0161e zku\u0161enosti.<\/strong><\/p>\n<p>Ka\u017ed\u00e1 svatba je jin\u00e1. Proto ke ka\u017ed\u00e9 p\u0159istupujeme individu\u00e1ln\u011b a spole\u010dn\u011b s V\u00e1mi hled\u00e1me \u0159e\u0161en\u00ed, kter\u00e9 bude odpov\u00eddat pr\u00e1v\u011b Va\u0161im p\u0159edstav\u00e1m.<\/p>\n<p><strong>M\u016f\u017eeme V\u00e1m doporu\u010dit ov\u011b\u0159en\u00e9 dodavatele, zajistit jednotliv\u00e9 slu\u017eby nebo pomoci s organizac\u00ed a p\u0159\u00edpravami svatebn\u00edho dne. Rozsah spolupr\u00e1ce je v\u017edy jen na V\u00e1s.<\/strong><\/p>\n<\/div>\n<p>catering \u2022 koordinace \u2022 v\u00fdzdoba &amp; floristika \u2022 foto &amp; video \u2022 hudba \u2022 sweet bar \u2022 d\u011btsk\u00fd program \u2022 grafika &amp; tiskoviny \u2022 invent\u00e1\u0159 &amp; vybaven\u00ed[\/vc_custom_heading][vc_empty_space empty_h=&#8220;2&#8243;][vc_gallery el_id=&#8220;gallery-990078&#8243; type=&#8220;css_grid&#8220; medias=&#8220;131220,131219,131218,131222,131221&#8243; grid_items=&#8220;5&#8243; screen_lg_items=&#8220;3&#8243; screen_lg_breakpoint=&#8220;1000&#8243; screen_md_items=&#8220;2&#8243; screen_md_breakpoint=&#8220;600&#8243; screen_sm_items=&#8220;2&#8243; screen_sm_breakpoint=&#8220;480&#8243; gutter_size=&#8220;3&#8243; css_grid_equal_height=&#8220;yes&#8220; media_items=&#8220;title,media|nolink|original&#8220; css_grid_images_size=&#8220;one-one&#8220; single_shape=&#8220;circle&#8220; single_overlay_color=&#8220;color-485239&#8243; single_overlay_opacity=&#8220;51&#8243; single_overlay_visible=&#8220;yes&#8220; single_text_visible=&#8220;yes&#8220; single_h_align=&#8220;center&#8220; single_padding=&#8220;1&#8243; single_title_dimension=&#8220;h2&#8243; single_border=&#8220;yes&#8220; single_css_animation=&#8220;zoom-in&#8220; single_animation_speed=&#8220;700&#8243; single_animation_delay=&#8220;200&#8243; lbox_gallery_arrows_bg=&#8220;semi-transparent&#8220; lbox_title=&#8220;yes&#8220; lbox_no_tmb=&#8220;yes&#8220; uncode_shortcode_id=&#8220;112872&#8243;][\/vc_column][\/vc_row][vc_row unlock_row_content=&#8220;yes&#8220; row_height_percent=&#8220;67&#8243; override_padding=&#8220;yes&#8220; h_padding=&#8220;0&#8243; top_padding=&#8220;0&#8243; bottom_padding=&#8220;0&#8243; overlay_alpha=&#8220;50&#8243; equal_height=&#8220;yes&#8220; gutter_size=&#8220;0&#8243; column_width_percent=&#8220;100&#8243; shift_y=&#8220;0&#8243; z_index=&#8220;0&#8243; el_class=&#8220;inverted-device-order&#8220; uncode_shortcode_id=&#8220;128708&#8243; back_color_type=&#8220;uncode-solid&#8220; back_color_solid=&#8220;#fef9f2&#8243; row_height_pixel=&#8220;400&#8243;][vc_column column_width_percent=&#8220;100&#8243; position_vertical=&#8220;middle&#8220; gutter_size=&#8220;0&#8243; override_padding=&#8220;yes&#8220; column_padding=&#8220;2&#8243; overlay_alpha=&#8220;50&#8243; shift_x=&#8220;0&#8243; shift_y=&#8220;0&#8243; shift_y_down=&#8220;0&#8243; z_index=&#8220;0&#8243; medium_width=&#8220;0&#8243; mobile_width=&#8220;0&#8243; width=&#8220;1\/2&#8243; uncode_shortcode_id=&#8220;955806&#8243;][vc_row_inner][vc_column_inner column_width_percent=&#8220;90&#8243; position_vertical=&#8220;middle&#8220; gutter_size=&#8220;3&#8243; overlay_alpha=&#8220;50&#8243; shift_x=&#8220;0&#8243; shift_y=&#8220;0&#8243; shift_y_down=&#8220;0&#8243; z_index=&#8220;0&#8243; medium_width=&#8220;0&#8243; align_mobile=&#8220;align_center_mobile&#8220; mobile_width=&#8220;0&#8243; width=&#8220;1\/2&#8243; uncode_shortcode_id=&#8220;105593&#8243;][vc_custom_heading text_size=&#8220;fontsize-155944&#8243; uncode_shortcode_id=&#8220;114559&#8243; text_color_type=&#8220;uncode-solid&#8220; text_color_solid=&#8220;#5c295a&#8220;]Catering[\/vc_custom_heading][vc_custom_heading heading_semantic=&#8220;div&#8220; text_size=&#8220;&#8220; text_height=&#8220;fontheight-357766&#8243; uncode_shortcode_id=&#8220;207799&#8243;]<strong>Od svatebn\u00ed hostiny a\u017e po uvoln\u011bn\u00fd ve\u010dern\u00ed raut \u2013 menu sestav\u00edme podle V\u00e1s.<\/strong><\/p>\n<p>Catering zaji\u0161\u0165ujeme p\u0159\u00edmo a v\u017edy ho p\u0159izp\u016fsob\u00edme Va\u0161im p\u0159edstav\u00e1m i chut\u00edm host\u016f. <strong>P\u0159iprav\u00edme svatebn\u00ed hostinu, raut, finger food a kanapky, gril, pizzu i trhan\u00e1 masa z na\u0161\u00ed pece, v\u010detn\u011b vegetari\u00e1nsk\u00fdch, vegansk\u00fdch a bezlepkov\u00fdch variant.<\/strong> R\u00e1di se inspirujeme i sv\u011btovou kuchyn\u00ed.<\/p>\n<p>Chcete si p\u0159iv\u00e9zt vlastn\u00ed catering? I to je mo\u017en\u00e9. K dispozici je pln\u011b vybaven\u00e1 kuchy\u0148 pro V\u00e1\u0161 cateringov\u00fd t\u00fdm.[\/vc_custom_heading][\/vc_column_inner][vc_column_inner column_width_percent=&#8220;70&#8243; position_vertical=&#8220;middle&#8220; gutter_size=&#8220;3&#8243; override_padding=&#8220;yes&#8220; column_padding=&#8220;2&#8243; overlay_alpha=&#8220;50&#8243; shift_x=&#8220;0&#8243; shift_y=&#8220;0&#8243; shift_y_down=&#8220;0&#8243; z_index=&#8220;0&#8243; medium_width=&#8220;0&#8243; mobile_width=&#8220;0&#8243; width=&#8220;1\/2&#8243; uncode_shortcode_id=&#8220;239057&#8243;][vc_single_image media=&#8220;130643&#8243; media_width_percent=&#8220;100&#8243; media_ratio=&#8220;one-one&#8220; shape=&#8220;img-circle&#8220; css_animation=&#8220;alpha-anim&#8220; animation_speed=&#8220;1000&#8243; animation_delay=&#8220;200&#8243; uncode_shortcode_id=&#8220;207490&#8243;][\/vc_column_inner][\/vc_row_inner][\/vc_column][vc_column column_width_percent=&#8220;100&#8243; gutter_size=&#8220;0&#8243; back_image=&#8220;130768&#8243; kburns=&#8220;yes&#8220; overlay_alpha=&#8220;50&#8243; shift_x=&#8220;0&#8243; shift_y=&#8220;0&#8243; shift_y_down=&#8220;0&#8243; z_index=&#8220;0&#8243; medium_width=&#8220;0&#8243; mobile_width=&#8220;0&#8243; width=&#8220;1\/2&#8243; uncode_shortcode_id=&#8220;160919&#8243; mobile_height=&#8220;336&#8243;][\/vc_column][\/vc_row][vc_row unlock_row_content=&#8220;yes&#8220; row_height_percent=&#8220;0&#8243; override_padding=&#8220;yes&#8220; h_padding=&#8220;0&#8243; top_padding=&#8220;0&#8243; bottom_padding=&#8220;0&#8243; overlay_alpha=&#8220;100&#8243; gutter_size=&#8220;0&#8243; style=&#8220;inherited&#8220;][\/vc_row][vc_row unlock_row_content=&#8220;yes&#8220; row_height_percent=&#8220;0&#8243; override_padding=&#8220;yes&#8220; h_padding=&#8220;0&#8243; top_padding=&#8220;0&#8243; bottom_padding=&#8220;0&#8243; overlay_alpha=&#8220;50&#8243; equal_height=&#8220;yes&#8220; gutter_size=&#8220;0&#8243; shift_y=&#8220;0&#8243;][\/vc_row][vc_row row_height_percent=&#8220;0&#8243; override_padding=&#8220;yes&#8220; h_padding=&#8220;2&#8243; top_padding=&#8220;3&#8243; bottom_padding=&#8220;0&#8243; overlay_alpha=&#8220;50&#8243; gutter_size=&#8220;3&#8243; column_width_percent=&#8220;100&#8243; shift_y=&#8220;0&#8243; z_index=&#8220;0&#8243; bottom_divider=&#8220;gradient&#8220; content_parallax=&#8220;0&#8243; uncode_shortcode_id=&#8220;200192&#8243; back_color_type=&#8220;uncode-solid&#8220; back_color_solid=&#8220;#b1c89e&#8220; el_id=&#8220;kontakt&#8220;][vc_column column_width_use_pixel=&#8220;yes&#8220; align_horizontal=&#8220;align_center&#8220; gutter_size=&#8220;2&#8243; overlay_alpha=&#8220;50&#8243; shift_x=&#8220;0&#8243; shift_y=&#8220;0&#8243; shift_y_down=&#8220;0&#8243; z_index=&#8220;0&#8243; medium_width=&#8220;0&#8243; mobile_width=&#8220;0&#8243; width=&#8220;1\/1&#8243; uncode_shortcode_id=&#8220;143652&#8243; column_width_pixel=&#8220;1200&#8243;][vc_custom_heading text_color=&#8220;color-xsdn&#8220; text_size=&#8220;fontsize-155944&#8243; sub_lead=&#8220;yes&#8220; uncode_shortcode_id=&#8220;203916&#8243; text_color_type=&#8220;uncode-palette&#8220;]Kontakt[\/vc_custom_heading][vc_custom_heading text_color=&#8220;color-xsdn&#8220; heading_semantic=&#8220;div&#8220; text_weight=&#8220;500&#8243; text_height=&#8220;fontheight-357766&#8243; uncode_shortcode_id=&#8220;868752&#8243; text_color_type=&#8220;uncode-palette&#8220;]Telefon: <a href=\"tel:+420 776 312 538\">+420 776 312 538<\/a><br \/>\nE-mail: <a href=\"mailto:info@kemprevnice.cz\">info@kemprevnice.cz<\/a><br \/>\nWeb: <a href=\"https:\/\/chatkyuberounky.cz\">chatkyuberounky.cz<\/a>[\/vc_custom_heading][vc_custom_heading text_color=&#8220;color-xsdn&#8220; heading_semantic=&#8220;div&#8220; text_size=&#8220;&#8220; text_height=&#8220;fontheight-357766&#8243; uncode_shortcode_id=&#8220;519658&#8243; text_color_type=&#8220;uncode-palette&#8220;]<strong>Svatba u Berounky<\/strong><br \/>\nChatky u Berounky \u2013 are\u00e1l Kemp \u0158evnice, Rovinsk\u00e1 619, \u0158evnice, Praha-z\u00e1pad \u2013 St\u0159edo\u010desk\u00fd kraj<\/p>\n<p>Provozovatel: Food Event s.r.o., <a href=\"https:\/\/foodevent.cz\">www.foodevent.cz<\/a>[\/vc_custom_heading][\/vc_column][\/vc_row][vc_row row_height_percent=&#8220;0&#8243; override_padding=&#8220;yes&#8220; h_padding=&#8220;2&#8243; top_padding=&#8220;3&#8243; bottom_padding=&#8220;0&#8243; overlay_alpha=&#8220;50&#8243; gutter_size=&#8220;3&#8243; column_width_percent=&#8220;100&#8243; shift_y=&#8220;0&#8243; z_index=&#8220;0&#8243; bottom_divider=&#8220;gradient&#8220; content_parallax=&#8220;0&#8243; uncode_shortcode_id=&#8220;157938&#8243; back_color_type=&#8220;uncode-solid&#8220; back_color_solid=&#8220;#b1c89e&#8220; el_id=&#8220;kontakt&#8220;][vc_column column_width_use_pixel=&#8220;yes&#8220; align_horizontal=&#8220;align_center&#8220; gutter_size=&#8220;2&#8243; overlay_alpha=&#8220;50&#8243; shift_x=&#8220;0&#8243; shift_y=&#8220;0&#8243; shift_y_down=&#8220;0&#8243; z_index=&#8220;0&#8243; medium_width=&#8220;0&#8243; mobile_width=&#8220;0&#8243; width=&#8220;1\/1&#8243; uncode_shortcode_id=&#8220;813426&#8243; column_width_pixel=&#8220;1200&#8243;][vc_custom_heading text_color=&#8220;color-xsdn&#8220; text_size=&#8220;fontsize-155944&#8243; sub_lead=&#8220;yes&#8220; uncode_shortcode_id=&#8220;550480&#8243; text_color_type=&#8220;uncode-palette&#8220; el_id=&#8220;cena&#8220;]Pron\u00e1jem cel\u00e9ho are\u00e1lu pro ubytov\u00e1n\u00ed, ob\u0159ad, catering[\/vc_custom_heading][vc_custom_heading text_color=&#8220;color-xsdn&#8220; heading_semantic=&#8220;div&#8220; text_weight=&#8220;500&#8243; text_height=&#8220;fontheight-357766&#8243; uncode_shortcode_id=&#8220;213194&#8243; text_color_type=&#8220;uncode-palette&#8220;]80 000 K\u010d \/ v\u00edkend (p\u00e1tek\u2013ned\u011ble)[\/vc_custom_heading][\/vc_column][\/vc_row][vc_row row_height_percent=&#8220;0&#8243; override_padding=&#8220;yes&#8220; h_padding=&#8220;2&#8243; top_padding=&#8220;2&#8243; bottom_padding=&#8220;3&#8243; overlay_alpha=&#8220;50&#8243; gutter_size=&#8220;3&#8243; column_width_percent=&#8220;100&#8243; shift_y=&#8220;0&#8243; z_index=&#8220;0&#8243; bottom_divider=&#8220;gradient&#8220; content_parallax=&#8220;0&#8243; uncode_shortcode_id=&#8220;138077&#8243; back_color_type=&#8220;uncode-solid&#8220; back_color_solid=&#8220;#b1c89e&#8220; el_id=&#8220;kontakt&#8220;][vc_column column_width_use_pixel=&#8220;yes&#8220; gutter_size=&#8220;2&#8243; overlay_alpha=&#8220;50&#8243; shift_x=&#8220;0&#8243; shift_y=&#8220;0&#8243; shift_y_down=&#8220;0&#8243; z_index=&#8220;0&#8243; medium_width=&#8220;0&#8243; mobile_width=&#8220;0&#8243; width=&#8220;1\/1&#8243; uncode_shortcode_id=&#8220;143832&#8243; column_width_pixel=&#8220;1200&#8243;][vc_accordion typography=&#8220;advanced&#8220; sign_size=&#8220;md&#8220; gutter_simple=&#8220;1&#8243; active_bg_color=&#8220;color-xsdn&#8220; active_txt_color=&#8220;color-485239&#8243; shadow=&#8220;std&#8220; heading_semantic=&#8220;h3&#8243; titles_size=&#8220;h2&#8243; titles_weight=&#8220;500&#8243; uncode_shortcode_id=&#8220;208076&#8243; active_tab=&#8220;0&#8243; active_txt_color_type=&#8220;uncode-palette&#8220; active_bg_color_type=&#8220;uncode-palette&#8220;][vc_accordion_tab gutter_size=&#8220;2&#8243; column_padding=&#8220;2&#8243; title=&#8220;Co je zahrnuto v cen\u011b&#8220; tab_id=&#8220;1787124531-1-4868&#8243;][uncode_list icon=&#8220;fa fa-check&#8220; uncode_shortcode_id=&#8220;150067&#8243;]<\/p>\n<ul>\n<li>Exkluzivn\u00ed vyu\u017eit\u00ed cel\u00e9ho are\u00e1lu &#8222;Chatek u Berounky&#8220; v \u0158evnic\u00edch pouze pro V\u00e1s.<\/li>\n<li><strong>Ubytov\u00e1n\u00ed<\/strong> na 2 noci a\u017e pro 50 host\u016f \u2013 42 pevn\u00fdch l\u016f\u017eek + mo\u017enost 8 p\u0159ist\u00fdlek, v chatk\u00e1ch s vlastn\u00edm WC a sprchou. Nad r\u00e1mec t\u00e9to kapacity je mo\u017en\u00e9 vyu\u017e\u00edt tak\u00e9 vlastn\u00ed stany \u010di karavany.<\/li>\n<li>Svatebn\u00ed <strong>bistro<\/strong> s kapacitou a\u017e 140 host\u016f.<\/li>\n<li>Rozlehl\u00e1 <strong>zahrada<\/strong> pro ob\u0159ad, kryt\u00e9 bistro pro hostinu a ve\u010dern\u00ed program.<\/li>\n<li>Mo\u017enost uspo\u0159\u00e1d\u00e1n\u00ed svatebn\u00edho ob\u0159adu p\u0159\u00edmo v are\u00e1lu.<\/li>\n<li>Spole\u010densk\u00e1 m\u00edstnost pro 30 osob.<\/li>\n<li>Parkov\u00e1n\u00ed pro svatebn\u00ed hosty.<\/li>\n<li>Klidn\u00e9 prost\u0159ed\u00ed v p\u0159\u00edrod\u011b v bl\u00edzkosti \u0159eky Berounky, nedaleko Prahy.<\/li>\n<\/ul>\n<p>[\/uncode_list][\/vc_accordion_tab][vc_accordion_tab gutter_size=&#8220;2&#8243; column_padding=&#8220;2&#8243; title=&#8220;Slu\u017eby, kter\u00e9 pro V\u00e1s r\u00e1di zajist\u00edme&#8220; tab_id=&#8220;1787124531-2-833&#8243;][vc_custom_heading heading_semantic=&#8220;div&#8220; text_size=&#8220;&#8220; text_weight=&#8220;400&#8243; text_height=&#8220;fontheight-357766&#8243; uncode_shortcode_id=&#8220;310013&#8243;]Ka\u017ed\u00e1 svatba je jedine\u010dn\u00e1. Proto si m\u016f\u017eete vybrat pouze slu\u017eby, kter\u00e9 skute\u010dn\u011b vyu\u017eijete. Are\u00e1l je majetkem spole\u010dnosti Food Event, s.r.o., kter\u00e1 m\u00e1 mnohalet\u00e9 zku\u0161enosti s organizac\u00ed event\u016f a festival\u016f, nab\u00edz\u00edme proto p\u0159\u00edpadn\u011b i realizaci cel\u00e9 svatby.[\/vc_custom_heading][uncode_list icon=&#8220;fa fa-check&#8220; uncode_shortcode_id=&#8220;727599&#8243;]<\/p>\n<ul>\n<li>Catering p\u0159\u00edmo od n\u00e1s dle Va\u0161ich po\u017eadavk\u016f<\/li>\n<li>Koordinaci svatebn\u00edho dne \u2013 p\u0159\u00edpadn\u011b produkci cel\u00e9 svatby<\/li>\n<li>Svatebn\u00ed v\u00fdzdobu a floristiku<\/li>\n<li>Fotografa a kameramana<\/li>\n<li>DJ nebo \u017eivou hudbu<\/li>\n<li>Sweet bar<\/li>\n<li>D\u011btsk\u00fd program<\/li>\n<li>Zap\u016fj\u010den\u00ed invent\u00e1\u0159e a dal\u0161\u00edho vybaven\u00ed (bistro stoly s potahy, sezen\u00ed, stany a dal\u0161\u00ed)<\/li>\n<\/ul>\n<p>[\/uncode_list][vc_custom_heading heading_semantic=&#8220;div&#8220; text_size=&#8220;&#8220; text_weight=&#8220;600&#8243; text_height=&#8220;fontheight-357766&#8243; uncode_shortcode_id=&#8220;402690&#8243;]P\u0159ije\u010fte se pod\u00edvat. R\u00e1di V\u00e1m uk\u00e1\u017eeme m\u00edsto, kde m\u016f\u017ee za\u010d\u00edt V\u00e1\u0161 svatebn\u00ed p\u0159\u00edb\u011bh.[\/vc_custom_heading][\/vc_accordion_tab][\/vc_accordion][\/vc_column][\/vc_row][vc_row row_height_percent=&#8220;0&#8243; override_padding=&#8220;yes&#8220; h_padding=&#8220;2&#8243; top_padding=&#8220;0&#8243; bottom_padding=&#8220;3&#8243; overlay_alpha=&#8220;50&#8243; gutter_size=&#8220;3&#8243; column_width_percent=&#8220;100&#8243; shift_y=&#8220;0&#8243; z_index=&#8220;0&#8243; bottom_divider=&#8220;gradient&#8220; content_parallax=&#8220;0&#8243; uncode_shortcode_id=&#8220;200417&#8243; back_color_type=&#8220;uncode-solid&#8220; back_color_solid=&#8220;#b1c89e&#8220; el_id=&#8220;kontakt&#8220;][vc_column column_width_use_pixel=&#8220;yes&#8220; align_horizontal=&#8220;align_center&#8220; gutter_size=&#8220;2&#8243; overlay_alpha=&#8220;50&#8243; shift_x=&#8220;0&#8243; shift_y=&#8220;0&#8243; shift_y_down=&#8220;0&#8243; z_index=&#8220;0&#8243; medium_width=&#8220;0&#8243; mobile_width=&#8220;0&#8243; width=&#8220;1\/1&#8243; uncode_shortcode_id=&#8220;143652&#8243; column_width_pixel=&#8220;1200&#8243;][vc_custom_heading text_color=&#8220;color-xsdn&#8220; text_size=&#8220;fontsize-155944&#8243; sub_lead=&#8220;yes&#8220; uncode_shortcode_id=&#8220;115263&#8243; text_color_type=&#8220;uncode-palette&#8220;]Chcete si are\u00e1l nejd\u0159\u00edve prohl\u00e9dnout?[\/vc_custom_heading][vc_custom_heading text_color=&#8220;color-xsdn&#8220; heading_semantic=&#8220;div&#8220; text_size=&#8220;&#8220; text_weight=&#8220;400&#8243; text_height=&#8220;fontheight-357766&#8243; uncode_shortcode_id=&#8220;115112&#8243; text_color_type=&#8220;uncode-palette&#8220;]V\u00fdb\u011br svatebn\u00edho m\u00edsta je jedno z nejd\u016fle\u017eit\u011bj\u0161\u00edch rozhodnut\u00ed p\u0159i pl\u00e1nov\u00e1n\u00ed svatby. R\u00e1di V\u00e1s provedeme cel\u00fdm are\u00e1lem, uk\u00e1\u017eeme mo\u017enosti uspo\u0159\u00e1d\u00e1n\u00ed ob\u0159adu i hostiny, p\u0159edstav\u00edme z\u00e1zem\u00ed a zodpov\u00edme v\u0161echny Va\u0161e dotazy.<\/p>\n<p>Osobn\u00ed sch\u016fzka je nez\u00e1vazn\u00e1 a r\u00e1di se V\u00e1m p\u0159izp\u016fsob\u00edme v term\u00ednu, kter\u00fd V\u00e1m bude vyhovovat.[\/vc_custom_heading][\/vc_column][\/vc_row][vc_row unlock_row_content=&#8220;yes&#8220; row_height_percent=&#8220;0&#8243; override_padding=&#8220;yes&#8220; h_padding=&#8220;0&#8243; top_padding=&#8220;0&#8243; bottom_padding=&#8220;0&#8243; overlay_alpha=&#8220;50&#8243; gutter_size=&#8220;3&#8243; column_width_percent=&#8220;100&#8243; shift_y=&#8220;0&#8243; z_index=&#8220;0&#8243; uncode_shortcode_id=&#8220;262253&#8243; el_id=&#8220;galerie&#8220;][vc_column column_width_percent=&#8220;100&#8243; gutter_size=&#8220;3&#8243; style=&#8220;dark&#8220; overlay_alpha=&#8220;50&#8243; shift_x=&#8220;0&#8243; shift_y=&#8220;0&#8243; z_index=&#8220;0&#8243; medium_width=&#8220;0&#8243; mobile_width=&#8220;0&#8243; width=&#8220;1\/1&#8243;][vc_gallery el_id=&#8220;gallery-9751014&#8243; type=&#8220;justified&#8220; medias=&#8220;131271,131272,131269,130647,130645,130644,130643,130638,130636,130635,130855,130856,130857,130859,130860,130861,130862,130863,130864,130865,130866,130867,130868,130869,130870,130871,130872,130873,130878,130879,130882,130883,130885,130886,130887,130889,130890,130891,130898,130902,130904,130906,130907,130908,130910,130911,130912,130913,130914,130916,130917,130918,130920,130921,131057,131094,131098,131099,131100,131102,131103,131092&#8243; gallery_back_color=&#8220;color-805645&#8243; justify_row_height=&#8220;250&#8243; justify_last_row=&#8220;hide&#8220; infinite=&#8220;yes&#8220; infinite_preloaded_items=&#8220;10&#8243; infinite_loading_items=&#8220;10&#8243; infinite_button=&#8220;yes&#8220; infinite_hover_fx=&#8220;outlined&#8220; infinite_button_outline=&#8220;yes&#8220; infinite_button_shape=&#8220;btn-circle&#8220; footer_back_color=&#8220;color-805645&#8243; gutter_size=&#8220;1&#8243; media_items=&#8220;media|lightbox|original,icon|md&#8220; single_overlay_color=&#8220;color-wayh&#8220; single_overlay_opacity=&#8220;50&#8243; single_h_align=&#8220;center&#8220; single_padding=&#8220;2&#8243; single_icon=&#8220;fa fa-plus2&#8243; single_border=&#8220;yes&#8220; lbox_gallery_arrows_bg=&#8220;semi-transparent&#8220; lbox_full=&#8220;yes&#8220; lbox_transition=&#8220;lg-slide-circular&#8220; uncode_shortcode_id=&#8220;143969&#8243; footer_back_color_type=&#8220;uncode-palette&#8220; gallery_back_color_type=&#8220;uncode-palette&#8220;][\/vc_column][\/vc_row]<\/p>\n<\/div>","protected":false},"excerpt":{"rendered":"<p>[vc_row unlock_row_content=&#8220;yes&#8220; row_height_percent=&#8220;100&#8243; override_padding=&#8220;yes&#8220; h_padding=&#8220;1&#8243; top_padding=&#8220;1&#8243; bottom_padding=&#8220;2&#8243; back_color=&#8220;color-wayh&#8220; overlay_alpha=&#8220;50&#8243; gutter_size=&#8220;3&#8243; column_width_percent=&#8220;100&#8243; shift_y=&#8220;0&#8243; z_index=&#8220;0&#8243; front_end_with_slider=&#8220;true&#8220; uncode_shortcode_id=&#8220;143507&#8243; back_color_type=&#8220;uncode-palette&#8220;][vc_column column_width_percent=&#8220;100&#8243; gutter_size=&#8220;3&#8243; overlay_alpha=&#8220;50&#8243; shift_x=&#8220;0&#8243; [&hellip;]<\/p>\n","protected":false},"author":1,"featured_media":131092,"parent":0,"menu_order":0,"comment_status":"closed","ping_status":"closed","template":"","meta":{"rs_blank_template":"","rs_page_bg_color":"","slide_template_v7":"","footnotes":""},"class_list":["post-58600","page","type-page","status-publish","has-post-thumbnail","hentry"],"yoast_head":"<!-- This site is optimized with the Yoast SEO plugin v28.3 - https:\/\/yoast.com\/product\/yoast-seo-wordpress\/ -->\n<title>Svatba u Berounky \u2013 origin\u00e1ln\u00ed svatby v p\u0159\u00edrod\u011b kousek od Prahy<\/title>\n<meta name=\"description\" content=\"Po\u0159\u00e1d\u00e1me origin\u00e1ln\u00ed svatby v malebn\u00e9m prost\u0159ed\u00ed prvorepublikov\u00e9ho m\u011bste\u010dka \u0158evnice s vlastn\u00edm ubytov\u00e1n\u00edm, necel\u00fdch 20 km od Prahy.\" \/>\n<meta name=\"robots\" content=\"index, follow, max-snippet:-1, max-image-preview:large, max-video-preview:-1\" \/>\n<link rel=\"canonical\" href=\"https:\/\/www.svatbauberounky.cz\/\" \/>\n<meta property=\"og:locale\" content=\"cs_CZ\" \/>\n<meta property=\"og:type\" content=\"article\" \/>\n<meta property=\"og:title\" content=\"Svatba u Berounky \u2013 origin\u00e1ln\u00ed svatby v p\u0159\u00edrod\u011b kousek od Prahy\" \/>\n<meta property=\"og:description\" content=\"Po\u0159\u00e1d\u00e1me origin\u00e1ln\u00ed svatby v malebn\u00e9m prost\u0159ed\u00ed prvorepublikov\u00e9ho m\u011bste\u010dka \u0158evnice s vlastn\u00edm ubytov\u00e1n\u00edm, necel\u00fdch 20 km od Prahy.\" \/>\n<meta property=\"og:url\" content=\"https:\/\/www.svatbauberounky.cz\/\" \/>\n<meta property=\"og:site_name\" content=\"Svatba u Berounky\" \/>\n<meta property=\"article:publisher\" content=\"https:\/\/www.facebook.com\/svatbauberounky\/\" \/>\n<meta property=\"article:modified_time\" content=\"2026-08-21T14:54:05+00:00\" \/>\n<meta property=\"og:image\" content=\"https:\/\/www.svatbauberounky.cz\/wp-content\/uploads\/2023\/11\/Depositphotos_102039186_XL-scaled.jpg\" \/>\n\t<meta property=\"og:image:width\" content=\"2560\" \/>\n\t<meta property=\"og:image:height\" content=\"1707\" \/>\n\t<meta property=\"og:image:type\" content=\"image\/jpeg\" \/>\n<meta name=\"twitter:card\" content=\"summary_large_image\" \/>\n<meta name=\"twitter:label1\" content=\"Odhadovan\u00e1 doba \u010dten\u00ed\" \/>\n\t<meta name=\"twitter:data1\" content=\"11 minut\" \/>\n<script type=\"application\/ld+json\" class=\"yoast-schema-graph\">{\"@context\":\"https:\\\/\\\/schema.org\",\"@graph\":[{\"@type\":\"WebPage\",\"@id\":\"https:\\\/\\\/www.svatbauberounky.cz\\\/\",\"url\":\"https:\\\/\\\/www.svatbauberounky.cz\\\/\",\"name\":\"Svatba u Berounky \u2013 origin\u00e1ln\u00ed svatby v p\u0159\u00edrod\u011b kousek od Prahy\",\"isPartOf\":{\"@id\":\"https:\\\/\\\/www.svatbauberounky.cz\\\/#website\"},\"primaryImageOfPage\":{\"@id\":\"https:\\\/\\\/www.svatbauberounky.cz\\\/#primaryimage\"},\"image\":{\"@id\":\"https:\\\/\\\/www.svatbauberounky.cz\\\/#primaryimage\"},\"thumbnailUrl\":\"https:\\\/\\\/www.svatbauberounky.cz\\\/wp-content\\\/uploads\\\/2023\\\/11\\\/Depositphotos_102039186_XL-scaled.jpg\",\"datePublished\":\"2017-05-15T09:53:55+00:00\",\"dateModified\":\"2026-08-21T14:54:05+00:00\",\"description\":\"Po\u0159\u00e1d\u00e1me origin\u00e1ln\u00ed svatby v malebn\u00e9m prost\u0159ed\u00ed prvorepublikov\u00e9ho m\u011bste\u010dka \u0158evnice s vlastn\u00edm ubytov\u00e1n\u00edm, necel\u00fdch 20 km od Prahy.\",\"breadcrumb\":{\"@id\":\"https:\\\/\\\/www.svatbauberounky.cz\\\/#breadcrumb\"},\"inLanguage\":\"cs\",\"potentialAction\":[{\"@type\":\"ReadAction\",\"target\":[\"https:\\\/\\\/www.svatbauberounky.cz\\\/\"]}]},{\"@type\":\"ImageObject\",\"inLanguage\":\"cs\",\"@id\":\"https:\\\/\\\/www.svatbauberounky.cz\\\/#primaryimage\",\"url\":\"https:\\\/\\\/www.svatbauberounky.cz\\\/wp-content\\\/uploads\\\/2023\\\/11\\\/Depositphotos_102039186_XL-scaled.jpg\",\"contentUrl\":\"https:\\\/\\\/www.svatbauberounky.cz\\\/wp-content\\\/uploads\\\/2023\\\/11\\\/Depositphotos_102039186_XL-scaled.jpg\",\"width\":2560,\"height\":1707},{\"@type\":\"BreadcrumbList\",\"@id\":\"https:\\\/\\\/www.svatbauberounky.cz\\\/#breadcrumb\",\"itemListElement\":[{\"@type\":\"ListItem\",\"position\":1,\"name\":\"Dom\u016f\",\"item\":\"https:\\\/\\\/www.svatbauberounky.cz\\\/\"},{\"@type\":\"ListItem\",\"position\":2,\"name\":\"\u00favod\"}]},{\"@type\":\"WebSite\",\"@id\":\"https:\\\/\\\/www.svatbauberounky.cz\\\/#website\",\"url\":\"https:\\\/\\\/www.svatbauberounky.cz\\\/\",\"name\":\"Svatba u Berounky\",\"description\":\"origin\u00e1ln\u00ed svatby v p\u0159\u00edrod\u011b kousek od Prahy\",\"publisher\":{\"@id\":\"https:\\\/\\\/www.svatbauberounky.cz\\\/#organization\"},\"potentialAction\":[{\"@type\":\"SearchAction\",\"target\":{\"@type\":\"EntryPoint\",\"urlTemplate\":\"https:\\\/\\\/www.svatbauberounky.cz\\\/?s={search_term_string}\"},\"query-input\":{\"@type\":\"PropertyValueSpecification\",\"valueRequired\":true,\"valueName\":\"search_term_string\"}}],\"inLanguage\":\"cs\"},{\"@type\":\"Organization\",\"@id\":\"https:\\\/\\\/www.svatbauberounky.cz\\\/#organization\",\"name\":\"Svatba u Berounky\",\"url\":\"https:\\\/\\\/www.svatbauberounky.cz\\\/\",\"logo\":{\"@type\":\"ImageObject\",\"inLanguage\":\"cs\",\"@id\":\"https:\\\/\\\/www.svatbauberounky.cz\\\/#\\\/schema\\\/logo\\\/image\\\/\",\"url\":\"https:\\\/\\\/www.svatbauberounky.cz\\\/wp-content\\\/uploads\\\/2023\\\/11\\\/ikonka.png\",\"contentUrl\":\"https:\\\/\\\/www.svatbauberounky.cz\\\/wp-content\\\/uploads\\\/2023\\\/11\\\/ikonka.png\",\"width\":500,\"height\":500,\"caption\":\"Svatba u Berounky\"},\"image\":{\"@id\":\"https:\\\/\\\/www.svatbauberounky.cz\\\/#\\\/schema\\\/logo\\\/image\\\/\"},\"sameAs\":[\"https:\\\/\\\/www.facebook.com\\\/svatbauberounky\\\/\"]}]}<\/script>\n<!-- \/ Yoast SEO plugin. -->","yoast_head_json":{"title":"Svatba u Berounky \u2013 origin\u00e1ln\u00ed svatby v p\u0159\u00edrod\u011b kousek od Prahy","description":"Po\u0159\u00e1d\u00e1me origin\u00e1ln\u00ed svatby v malebn\u00e9m prost\u0159ed\u00ed prvorepublikov\u00e9ho m\u011bste\u010dka \u0158evnice s vlastn\u00edm ubytov\u00e1n\u00edm, necel\u00fdch 20 km od Prahy.","robots":{"index":"index","follow":"follow","max-snippet":"max-snippet:-1","max-image-preview":"max-image-preview:large","max-video-preview":"max-video-preview:-1"},"canonical":"https:\/\/www.svatbauberounky.cz\/","og_locale":"cs_CZ","og_type":"article","og_title":"Svatba u Berounky \u2013 origin\u00e1ln\u00ed svatby v p\u0159\u00edrod\u011b kousek od Prahy","og_description":"Po\u0159\u00e1d\u00e1me origin\u00e1ln\u00ed svatby v malebn\u00e9m prost\u0159ed\u00ed prvorepublikov\u00e9ho m\u011bste\u010dka \u0158evnice s vlastn\u00edm ubytov\u00e1n\u00edm, necel\u00fdch 20 km od Prahy.","og_url":"https:\/\/www.svatbauberounky.cz\/","og_site_name":"Svatba u Berounky","article_publisher":"https:\/\/www.facebook.com\/svatbauberounky\/","article_modified_time":"2026-08-21T14:54:05+00:00","og_image":[{"width":2560,"height":1707,"url":"https:\/\/www.svatbauberounky.cz\/wp-content\/uploads\/2023\/11\/Depositphotos_102039186_XL-scaled.jpg","type":"image\/jpeg"}],"twitter_card":"summary_large_image","twitter_misc":{"Odhadovan\u00e1 doba \u010dten\u00ed":"11 minut"},"schema":{"@context":"https:\/\/schema.org","@graph":[{"@type":"WebPage","@id":"https:\/\/www.svatbauberounky.cz\/","url":"https:\/\/www.svatbauberounky.cz\/","name":"Svatba u Berounky \u2013 origin\u00e1ln\u00ed svatby v p\u0159\u00edrod\u011b kousek od Prahy","isPartOf":{"@id":"https:\/\/www.svatbauberounky.cz\/#website"},"primaryImageOfPage":{"@id":"https:\/\/www.svatbauberounky.cz\/#primaryimage"},"image":{"@id":"https:\/\/www.svatbauberounky.cz\/#primaryimage"},"thumbnailUrl":"https:\/\/www.svatbauberounky.cz\/wp-content\/uploads\/2023\/11\/Depositphotos_102039186_XL-scaled.jpg","datePublished":"2017-05-15T09:53:55+00:00","dateModified":"2026-08-21T14:54:05+00:00","description":"Po\u0159\u00e1d\u00e1me origin\u00e1ln\u00ed svatby v malebn\u00e9m prost\u0159ed\u00ed prvorepublikov\u00e9ho m\u011bste\u010dka \u0158evnice s vlastn\u00edm ubytov\u00e1n\u00edm, necel\u00fdch 20 km od Prahy.","breadcrumb":{"@id":"https:\/\/www.svatbauberounky.cz\/#breadcrumb"},"inLanguage":"cs","potentialAction":[{"@type":"ReadAction","target":["https:\/\/www.svatbauberounky.cz\/"]}]},{"@type":"ImageObject","inLanguage":"cs","@id":"https:\/\/www.svatbauberounky.cz\/#primaryimage","url":"https:\/\/www.svatbauberounky.cz\/wp-content\/uploads\/2023\/11\/Depositphotos_102039186_XL-scaled.jpg","contentUrl":"https:\/\/www.svatbauberounky.cz\/wp-content\/uploads\/2023\/11\/Depositphotos_102039186_XL-scaled.jpg","width":2560,"height":1707},{"@type":"BreadcrumbList","@id":"https:\/\/www.svatbauberounky.cz\/#breadcrumb","itemListElement":[{"@type":"ListItem","position":1,"name":"Dom\u016f","item":"https:\/\/www.svatbauberounky.cz\/"},{"@type":"ListItem","position":2,"name":"\u00favod"}]},{"@type":"WebSite","@id":"https:\/\/www.svatbauberounky.cz\/#website","url":"https:\/\/www.svatbauberounky.cz\/","name":"Svatba u Berounky","description":"origin\u00e1ln\u00ed svatby v p\u0159\u00edrod\u011b kousek od Prahy","publisher":{"@id":"https:\/\/www.svatbauberounky.cz\/#organization"},"potentialAction":[{"@type":"SearchAction","target":{"@type":"EntryPoint","urlTemplate":"https:\/\/www.svatbauberounky.cz\/?s={search_term_string}"},"query-input":{"@type":"PropertyValueSpecification","valueRequired":true,"valueName":"search_term_string"}}],"inLanguage":"cs"},{"@type":"Organization","@id":"https:\/\/www.svatbauberounky.cz\/#organization","name":"Svatba u Berounky","url":"https:\/\/www.svatbauberounky.cz\/","logo":{"@type":"ImageObject","inLanguage":"cs","@id":"https:\/\/www.svatbauberounky.cz\/#\/schema\/logo\/image\/","url":"https:\/\/www.svatbauberounky.cz\/wp-content\/uploads\/2023\/11\/ikonka.png","contentUrl":"https:\/\/www.svatbauberounky.cz\/wp-content\/uploads\/2023\/11\/ikonka.png","width":500,"height":500,"caption":"Svatba u Berounky"},"image":{"@id":"https:\/\/www.svatbauberounky.cz\/#\/schema\/logo\/image\/"},"sameAs":["https:\/\/www.facebook.com\/svatbauberounky\/"]}]}},"_links":{"self":[{"href":"https:\/\/www.svatbauberounky.cz\/index.php?rest_route=\/wp\/v2\/pages\/58600","targetHints":{"allow":["GET"]}}],"collection":[{"href":"https:\/\/www.svatbauberounky.cz\/index.php?rest_route=\/wp\/v2\/pages"}],"about":[{"href":"https:\/\/www.svatbauberounky.cz\/index.php?rest_route=\/wp\/v2\/types\/page"}],"author":[{"embeddable":true,"href":"https:\/\/www.svatbauberounky.cz\/index.php?rest_route=\/wp\/v2\/users\/1"}],"replies":[{"embeddable":true,"href":"https:\/\/www.svatbauberounky.cz\/index.php?rest_route=%2Fwp%2Fv2%2Fcomments&post=58600"}],"version-history":[{"count":393,"href":"https:\/\/www.svatbauberounky.cz\/index.php?rest_route=\/wp\/v2\/pages\/58600\/revisions"}],"predecessor-version":[{"id":131303,"href":"https:\/\/www.svatbauberounky.cz\/index.php?rest_route=\/wp\/v2\/pages\/58600\/revisions\/131303"}],"wp:featuredmedia":[{"embeddable":true,"href":"https:\/\/www.svatbauberounky.cz\/index.php?rest_route=\/wp\/v2\/media\/131092"}],"wp:attachment":[{"href":"https:\/\/www.svatbauberounky.cz\/index.php?rest_route=%2Fwp%2Fv2%2Fmedia&parent=58600"}],"curies":[{"name":"wp","href":"https:\/\/api.w.org\/{rel}","templated":true}]}}